{"id":9093,"date":"2023-11-05T22:49:59","date_gmt":"2023-11-05T21:49:59","guid":{"rendered":"https:\/\/www.amis-de-compostelle.fr\/evenement\/antrag-auf-die-auszeichnung-mit-dem-jakobsweg-fuer-das-jahr-2023\/"},"modified":"2023-11-05T22:49:59","modified_gmt":"2023-11-05T21:49:59","slug":"antrag-auf-die-auszeichnung-mit-dem-jakobsweg-fuer-das-jahr-2023","status":"publish","type":"tribe_events","link":"https:\/\/www.amis-de-compostelle.fr\/de\/evenement\/antrag-auf-die-auszeichnung-mit-dem-jakobsweg-fuer-das-jahr-2023\/","title":{"rendered":"Antrag auf die Auszeichnung mit dem Jakobsweg f\u00fcr das Jahr 2023"},"content":{"rendered":"","protected":false},"excerpt":{"rendered":"<p>In diesem Jahr 2023 haben Sie Santiago de Compostella erreicht. Ende von Ihrer Sie haben die Pilgerreise beendet, Endpunkt eines d\u00e9marche Sie haben vielleicht schon vor einigen Jahren damit begonnen. [&hellip;]<\/p>\n","protected":false},"author":4,"featured_media":6722,"template":"","meta":{"_acf_changed":false,"inline_featured_image":false,"_EventAllDay":false,"_EventTimezone":"Europe\/Paris","_EventStartDate":"2023-11-12 08:00:00","_EventEndDate":"2023-11-12 17:00:00","_EventStartDateUTC":"2023-11-12 07:00:00","_EventEndDateUTC":"2023-11-12 16:00:00","_EventShowMap":true,"_EventShowMapLink":true,"_EventURL":"","_EventCost":"","_EventCostDescription":"","_EventCurrencySymbol":"","_EventCurrencyCode":"","_EventCurrencyPosition":"","_EventDateTimeSeparator":"","_EventTimeRangeSeparator":"","_EventOrganizerID":[8883],"_EventVenueID":[],"_OrganizerEmail":"","_OrganizerPhone":"","_OrganizerWebsite":"","_VenueAddress":"","_VenueCity":"","_VenueCountry":"","_VenueProvince":"","_VenueState":"","_VenueZip":"","_VenuePhone":"","_VenueURL":"","_VenueStateProvince":"","_VenueLat":"","_VenueLng":"","_VenueShowMap":false,"_VenueShowMapLink":false,"_tribe_events_status":"","_tribe_events_status_reason":"","footnotes":""},"tags":[],"tribe_events_cat":[63],"class_list":["post-9093","tribe_events","type-tribe_events","status-publish","has-post-thumbnail","hentry","tribe_events_cat-aktuelles","cat_aktuelles"],"acf":[],"yoast_head":"<!-- This site is optimized with the Yoast SEO plugin v27.4 - https:\/\/yoast.com\/product\/yoast-seo-wordpress\/ -->\n<title>Antrag auf die Auszeichnung mit dem Jakobsweg f\u00fcr das Jahr 2023 &#060; Soci\u00e9t\u00e9 Fran\u00e7aise des Amis de Saint-Jacques de Compostelle<\/title>\n<meta name=\"robots\" content=\"index, follow, max-snippet:-1, max-image-preview:large, max-video-preview:-1\" \/>\n<link rel=\"canonical\" href=\"https:\/\/www.amis-de-compostelle.fr\/de\/evenement\/antrag-auf-die-auszeichnung-mit-dem-jakobsweg-fuer-das-jahr-2023\/\" \/>\n<meta property=\"og:locale\" content=\"de_DE\" \/>\n<meta property=\"og:type\" content=\"article\" \/>\n<meta property=\"og:title\" content=\"Antrag auf die Auszeichnung mit dem Jakobsweg f\u00fcr das Jahr 2023 &#060; Soci\u00e9t\u00e9 Fran\u00e7aise des Amis de Saint-Jacques de Compostelle\" \/>\n<meta property=\"og:description\" content=\"In diesem Jahr 2023 haben Sie Santiago de Compostella erreicht. Ende von Ihrer Sie haben die Pilgerreise beendet, Endpunkt eines d\u00e9marche Sie haben vielleicht schon vor einigen Jahren damit begonnen. [&hellip;]\" \/>\n<meta property=\"og:url\" content=\"https:\/\/www.amis-de-compostelle.fr\/de\/evenement\/antrag-auf-die-auszeichnung-mit-dem-jakobsweg-fuer-das-jahr-2023\/\" \/>\n<meta property=\"og:site_name\" content=\"Soci\u00e9t\u00e9 Fran\u00e7aise des Amis de Saint-Jacques de Compostelle\" \/>\n<meta name=\"twitter:card\" content=\"summary_large_image\" \/>\n<meta name=\"twitter:label1\" content=\"Gesch\u00e4tzte Lesezeit\" \/>\n\t<meta name=\"twitter:data1\" content=\"1\u00a0Minute\" \/>\n<script type=\"application\/ld+json\" class=\"yoast-schema-graph\">{\"@context\":\"https:\\\/\\\/schema.org\",\"@graph\":[{\"@type\":\"WebPage\",\"@id\":\"https:\\\/\\\/www.amis-de-compostelle.fr\\\/de\\\/evenement\\\/antrag-auf-die-auszeichnung-mit-dem-jakobsweg-fuer-das-jahr-2023\\\/\",\"url\":\"https:\\\/\\\/www.amis-de-compostelle.fr\\\/de\\\/evenement\\\/antrag-auf-die-auszeichnung-mit-dem-jakobsweg-fuer-das-jahr-2023\\\/\",\"name\":\"Antrag auf die Auszeichnung mit dem Jakobsweg f\u00fcr das Jahr 2023 &#060; Soci\u00e9t\u00e9 Fran\u00e7aise des Amis de Saint-Jacques de Compostelle\",\"isPartOf\":{\"@id\":\"https:\\\/\\\/www.amis-de-compostelle.fr\\\/de\\\/#website\"},\"primaryImageOfPage\":{\"@id\":\"https:\\\/\\\/www.amis-de-compostelle.fr\\\/de\\\/evenement\\\/antrag-auf-die-auszeichnung-mit-dem-jakobsweg-fuer-das-jahr-2023\\\/#primaryimage\"},\"image\":{\"@id\":\"https:\\\/\\\/www.amis-de-compostelle.fr\\\/de\\\/evenement\\\/antrag-auf-die-auszeichnung-mit-dem-jakobsweg-fuer-das-jahr-2023\\\/#primaryimage\"},\"thumbnailUrl\":\"https:\\\/\\\/www.amis-de-compostelle.fr\\\/wp-content\\\/uploads\\\/2022\\\/10\\\/Distinction-jacquaire.jpg\",\"datePublished\":\"2023-11-05T21:49:59+00:00\",\"breadcrumb\":{\"@id\":\"https:\\\/\\\/www.amis-de-compostelle.fr\\\/de\\\/evenement\\\/antrag-auf-die-auszeichnung-mit-dem-jakobsweg-fuer-das-jahr-2023\\\/#breadcrumb\"},\"inLanguage\":\"de\",\"potentialAction\":[{\"@type\":\"ReadAction\",\"target\":[\"https:\\\/\\\/www.amis-de-compostelle.fr\\\/de\\\/evenement\\\/antrag-auf-die-auszeichnung-mit-dem-jakobsweg-fuer-das-jahr-2023\\\/\"]}]},{\"@type\":\"ImageObject\",\"inLanguage\":\"de\",\"@id\":\"https:\\\/\\\/www.amis-de-compostelle.fr\\\/de\\\/evenement\\\/antrag-auf-die-auszeichnung-mit-dem-jakobsweg-fuer-das-jahr-2023\\\/#primaryimage\",\"url\":\"https:\\\/\\\/www.amis-de-compostelle.fr\\\/wp-content\\\/uploads\\\/2022\\\/10\\\/Distinction-jacquaire.jpg\",\"contentUrl\":\"https:\\\/\\\/www.amis-de-compostelle.fr\\\/wp-content\\\/uploads\\\/2022\\\/10\\\/Distinction-jacquaire.jpg\",\"width\":590,\"height\":407},{\"@type\":\"BreadcrumbList\",\"@id\":\"https:\\\/\\\/www.amis-de-compostelle.fr\\\/de\\\/evenement\\\/antrag-auf-die-auszeichnung-mit-dem-jakobsweg-fuer-das-jahr-2023\\\/#breadcrumb\",\"itemListElement\":[{\"@type\":\"ListItem\",\"position\":1,\"name\":\"Accueil\",\"item\":\"https:\\\/\\\/www.amis-de-compostelle.fr\\\/de\\\/\"},{\"@type\":\"ListItem\",\"position\":2,\"name\":\"Veranstaltungen\",\"item\":\"https:\\\/\\\/www.amis-de-compostelle.fr\\\/de\\\/events\\\/\"},{\"@type\":\"ListItem\",\"position\":3,\"name\":\"Antrag auf die Auszeichnung mit dem Jakobsweg f\u00fcr das Jahr 2023\"}]},{\"@type\":\"WebSite\",\"@id\":\"https:\\\/\\\/www.amis-de-compostelle.fr\\\/de\\\/#website\",\"url\":\"https:\\\/\\\/www.amis-de-compostelle.fr\\\/de\\\/\",\"name\":\"Soci\u00e9t\u00e9 Fran\u00e7aise des Amis de Saint-Jacques de Compostelle\",\"description\":\"La plus ancienne de toutes les associations jacquaires \u2013 depuis 1950\",\"publisher\":{\"@id\":\"https:\\\/\\\/www.amis-de-compostelle.fr\\\/de\\\/#organization\"},\"potentialAction\":[{\"@type\":\"SearchAction\",\"target\":{\"@type\":\"EntryPoint\",\"urlTemplate\":\"https:\\\/\\\/www.amis-de-compostelle.fr\\\/de\\\/?s={search_term_string}\"},\"query-input\":{\"@type\":\"PropertyValueSpecification\",\"valueRequired\":true,\"valueName\":\"search_term_string\"}}],\"inLanguage\":\"de\"},{\"@type\":\"Organization\",\"@id\":\"https:\\\/\\\/www.amis-de-compostelle.fr\\\/de\\\/#organization\",\"name\":\"SOCIETE FRANCAISE DES AMIS DE SAINT-JACQUES DE COMPOSTELLE\",\"url\":\"https:\\\/\\\/www.amis-de-compostelle.fr\\\/de\\\/\",\"logo\":{\"@type\":\"ImageObject\",\"inLanguage\":\"de\",\"@id\":\"https:\\\/\\\/www.amis-de-compostelle.fr\\\/de\\\/#\\\/schema\\\/logo\\\/image\\\/\",\"url\":\"https:\\\/\\\/www.amis-de-compostelle.fr\\\/wp-content\\\/uploads\\\/2021\\\/02\\\/cropped-SFASJ-logo.png\",\"contentUrl\":\"https:\\\/\\\/www.amis-de-compostelle.fr\\\/wp-content\\\/uploads\\\/2021\\\/02\\\/cropped-SFASJ-logo.png\",\"width\":512,\"height\":512,\"caption\":\"SOCIETE FRANCAISE DES AMIS DE SAINT-JACQUES DE COMPOSTELLE\"},\"image\":{\"@id\":\"https:\\\/\\\/www.amis-de-compostelle.fr\\\/de\\\/#\\\/schema\\\/logo\\\/image\\\/\"}}]}<\/script>\n<!-- \/ Yoast SEO plugin. -->","yoast_head_json":{"title":"Antrag auf die Auszeichnung mit dem Jakobsweg f\u00fcr das Jahr 2023 &#060; Soci\u00e9t\u00e9 Fran\u00e7aise des Amis de Saint-Jacques de Compostelle","robots":{"index":"index","follow":"follow","max-snippet":"max-snippet:-1","max-image-preview":"max-image-preview:large","max-video-preview":"max-video-preview:-1"},"canonical":"https:\/\/www.amis-de-compostelle.fr\/de\/evenement\/antrag-auf-die-auszeichnung-mit-dem-jakobsweg-fuer-das-jahr-2023\/","og_locale":"de_DE","og_type":"article","og_title":"Antrag auf die Auszeichnung mit dem Jakobsweg f\u00fcr das Jahr 2023 &#060; Soci\u00e9t\u00e9 Fran\u00e7aise des Amis de Saint-Jacques de Compostelle","og_description":"In diesem Jahr 2023 haben Sie Santiago de Compostella erreicht. Ende von Ihrer Sie haben die Pilgerreise beendet, Endpunkt eines d\u00e9marche Sie haben vielleicht schon vor einigen Jahren damit begonnen. [&hellip;]","og_url":"https:\/\/www.amis-de-compostelle.fr\/de\/evenement\/antrag-auf-die-auszeichnung-mit-dem-jakobsweg-fuer-das-jahr-2023\/","og_site_name":"Soci\u00e9t\u00e9 Fran\u00e7aise des Amis de Saint-Jacques de Compostelle","twitter_card":"summary_large_image","twitter_misc":{"Gesch\u00e4tzte Lesezeit":"1\u00a0Minute"},"schema":{"@context":"https:\/\/schema.org","@graph":[{"@type":"WebPage","@id":"https:\/\/www.amis-de-compostelle.fr\/de\/evenement\/antrag-auf-die-auszeichnung-mit-dem-jakobsweg-fuer-das-jahr-2023\/","url":"https:\/\/www.amis-de-compostelle.fr\/de\/evenement\/antrag-auf-die-auszeichnung-mit-dem-jakobsweg-fuer-das-jahr-2023\/","name":"Antrag auf die Auszeichnung mit dem Jakobsweg f\u00fcr das Jahr 2023 &#060; Soci\u00e9t\u00e9 Fran\u00e7aise des Amis de Saint-Jacques de Compostelle","isPartOf":{"@id":"https:\/\/www.amis-de-compostelle.fr\/de\/#website"},"primaryImageOfPage":{"@id":"https:\/\/www.amis-de-compostelle.fr\/de\/evenement\/antrag-auf-die-auszeichnung-mit-dem-jakobsweg-fuer-das-jahr-2023\/#primaryimage"},"image":{"@id":"https:\/\/www.amis-de-compostelle.fr\/de\/evenement\/antrag-auf-die-auszeichnung-mit-dem-jakobsweg-fuer-das-jahr-2023\/#primaryimage"},"thumbnailUrl":"https:\/\/www.amis-de-compostelle.fr\/wp-content\/uploads\/2022\/10\/Distinction-jacquaire.jpg","datePublished":"2023-11-05T21:49:59+00:00","breadcrumb":{"@id":"https:\/\/www.amis-de-compostelle.fr\/de\/evenement\/antrag-auf-die-auszeichnung-mit-dem-jakobsweg-fuer-das-jahr-2023\/#breadcrumb"},"inLanguage":"de","potentialAction":[{"@type":"ReadAction","target":["https:\/\/www.amis-de-compostelle.fr\/de\/evenement\/antrag-auf-die-auszeichnung-mit-dem-jakobsweg-fuer-das-jahr-2023\/"]}]},{"@type":"ImageObject","inLanguage":"de","@id":"https:\/\/www.amis-de-compostelle.fr\/de\/evenement\/antrag-auf-die-auszeichnung-mit-dem-jakobsweg-fuer-das-jahr-2023\/#primaryimage","url":"https:\/\/www.amis-de-compostelle.fr\/wp-content\/uploads\/2022\/10\/Distinction-jacquaire.jpg","contentUrl":"https:\/\/www.amis-de-compostelle.fr\/wp-content\/uploads\/2022\/10\/Distinction-jacquaire.jpg","width":590,"height":407},{"@type":"BreadcrumbList","@id":"https:\/\/www.amis-de-compostelle.fr\/de\/evenement\/antrag-auf-die-auszeichnung-mit-dem-jakobsweg-fuer-das-jahr-2023\/#breadcrumb","itemListElement":[{"@type":"ListItem","position":1,"name":"Accueil","item":"https:\/\/www.amis-de-compostelle.fr\/de\/"},{"@type":"ListItem","position":2,"name":"Veranstaltungen","item":"https:\/\/www.amis-de-compostelle.fr\/de\/events\/"},{"@type":"ListItem","position":3,"name":"Antrag auf die Auszeichnung mit dem Jakobsweg f\u00fcr das Jahr 2023"}]},{"@type":"WebSite","@id":"https:\/\/www.amis-de-compostelle.fr\/de\/#website","url":"https:\/\/www.amis-de-compostelle.fr\/de\/","name":"Soci\u00e9t\u00e9 Fran\u00e7aise des Amis de Saint-Jacques de Compostelle","description":"La plus ancienne de toutes les associations jacquaires \u2013 depuis 1950","publisher":{"@id":"https:\/\/www.amis-de-compostelle.fr\/de\/#organization"},"potentialAction":[{"@type":"SearchAction","target":{"@type":"EntryPoint","urlTemplate":"https:\/\/www.amis-de-compostelle.fr\/de\/?s={search_term_string}"},"query-input":{"@type":"PropertyValueSpecification","valueRequired":true,"valueName":"search_term_string"}}],"inLanguage":"de"},{"@type":"Organization","@id":"https:\/\/www.amis-de-compostelle.fr\/de\/#organization","name":"SOCIETE FRANCAISE DES AMIS DE SAINT-JACQUES DE COMPOSTELLE","url":"https:\/\/www.amis-de-compostelle.fr\/de\/","logo":{"@type":"ImageObject","inLanguage":"de","@id":"https:\/\/www.amis-de-compostelle.fr\/de\/#\/schema\/logo\/image\/","url":"https:\/\/www.amis-de-compostelle.fr\/wp-content\/uploads\/2021\/02\/cropped-SFASJ-logo.png","contentUrl":"https:\/\/www.amis-de-compostelle.fr\/wp-content\/uploads\/2021\/02\/cropped-SFASJ-logo.png","width":512,"height":512,"caption":"SOCIETE FRANCAISE DES AMIS DE SAINT-JACQUES DE COMPOSTELLE"},"image":{"@id":"https:\/\/www.amis-de-compostelle.fr\/de\/#\/schema\/logo\/image\/"}}]}},"_links":{"self":[{"href":"https:\/\/www.amis-de-compostelle.fr\/de\/wp-json\/wp\/v2\/tribe_events\/9093","targetHints":{"allow":["GET"]}}],"collection":[{"href":"https:\/\/www.amis-de-compostelle.fr\/de\/wp-json\/wp\/v2\/tribe_events"}],"about":[{"href":"https:\/\/www.amis-de-compostelle.fr\/de\/wp-json\/wp\/v2\/types\/tribe_events"}],"author":[{"embeddable":true,"href":"https:\/\/www.amis-de-compostelle.fr\/de\/wp-json\/wp\/v2\/users\/4"}],"version-history":[{"count":0,"href":"https:\/\/www.amis-de-compostelle.fr\/de\/wp-json\/wp\/v2\/tribe_events\/9093\/revisions"}],"wp:featuredmedia":[{"embeddable":true,"href":"https:\/\/www.amis-de-compostelle.fr\/de\/wp-json\/wp\/v2\/media\/6722"}],"wp:attachment":[{"href":"https:\/\/www.amis-de-compostelle.fr\/de\/wp-json\/wp\/v2\/media?parent=9093"}],"wp:term":[{"taxonomy":"post_tag","embeddable":true,"href":"https:\/\/www.amis-de-compostelle.fr\/de\/wp-json\/wp\/v2\/tags?post=9093"},{"taxonomy":"tribe_events_cat","embeddable":true,"href":"https:\/\/www.amis-de-compostelle.fr\/de\/wp-json\/wp\/v2\/tribe_events_cat?post=9093"}],"curies":[{"name":"wp","href":"https:\/\/api.w.org\/{rel}","templated":true}]}}