{"id":9191,"date":"2023-05-02T17:27:41","date_gmt":"2023-05-02T15:27:41","guid":{"rendered":"https:\/\/www.amis-de-compostelle.fr\/evenement\/konzert-santiago-vom-kammerchor-otrente\/"},"modified":"2023-05-02T17:27:41","modified_gmt":"2023-05-02T15:27:41","slug":"konzert-santiago-vom-kammerchor-otrente","status":"publish","type":"tribe_events","link":"https:\/\/www.amis-de-compostelle.fr\/de\/evenement\/konzert-santiago-vom-kammerchor-otrente\/","title":{"rendered":"Konzert &#8222;Santiago&#8220; vom Kammerchor &#8222;OTrente&#8220;."},"content":{"rendered":"","protected":false},"excerpt":{"rendered":"<p>\u00a1Vamos a Santiago! Konzert &#8222;Santiago&#8220; vom Kammerchor &#8222;OTrente&#8220;. Unter der Leitung von Louis Gal Wir schlagen Ihnen vor, sich auf den Weg nach Santiago de Compostela zu begeben. Diese Pilgerreise [&hellip;]<\/p>\n","protected":false},"author":4,"featured_media":6992,"template":"","meta":{"_acf_changed":false,"inline_featured_image":false,"_EventAllDay":false,"_EventTimezone":"Europe\/Paris","_EventStartDate":"2023-06-14 20:45:00","_EventEndDate":"2023-06-14 22:30:00","_EventStartDateUTC":"2023-06-14 18:45:00","_EventEndDateUTC":"2023-06-14 20:30:00","_EventShowMap":true,"_EventShowMapLink":true,"_EventURL":"https:\/\/www.otrente.org\/agenda\/","_EventCost":"18","_EventCostDescription":"","_EventCurrencySymbol":"","_EventCurrencyCode":"","_EventCurrencyPosition":"","_EventDateTimeSeparator":"","_EventTimeRangeSeparator":"","_EventOrganizerID":[8850],"_EventVenueID":[8947],"_OrganizerEmail":"","_OrganizerPhone":"","_OrganizerWebsite":"","_VenueAddress":"","_VenueCity":"","_VenueCountry":"","_VenueProvince":"","_VenueState":"","_VenueZip":"","_VenuePhone":"","_VenueURL":"","_VenueStateProvince":"","_VenueLat":"","_VenueLng":"","_VenueShowMap":false,"_VenueShowMapLink":false,"_tribe_events_status":"","_tribe_events_status_reason":"","footnotes":""},"tags":[],"tribe_events_cat":[63],"class_list":["post-9191","tribe_events","type-tribe_events","status-publish","has-post-thumbnail","hentry","tribe_events_cat-aktuelles","cat_aktuelles"],"acf":[],"yoast_head":"<!-- This site is optimized with the Yoast SEO plugin v27.4 - https:\/\/yoast.com\/product\/yoast-seo-wordpress\/ -->\n<title>Konzert &quot;Santiago&quot; vom Kammerchor &quot;OTrente&quot;. &#060; Soci\u00e9t\u00e9 Fran\u00e7aise des Amis de Saint-Jacques de Compostelle<\/title>\n<meta name=\"robots\" content=\"index, follow, max-snippet:-1, max-image-preview:large, max-video-preview:-1\" \/>\n<link rel=\"canonical\" href=\"https:\/\/www.amis-de-compostelle.fr\/de\/evenement\/konzert-santiago-vom-kammerchor-otrente\/\" \/>\n<meta property=\"og:locale\" content=\"de_DE\" \/>\n<meta property=\"og:type\" content=\"article\" \/>\n<meta property=\"og:title\" content=\"Konzert &quot;Santiago&quot; vom Kammerchor &quot;OTrente&quot;. &#060; Soci\u00e9t\u00e9 Fran\u00e7aise des Amis de Saint-Jacques de Compostelle\" \/>\n<meta property=\"og:description\" content=\"\u00a1Vamos a Santiago! Konzert &#8222;Santiago&#8220; vom Kammerchor &#8222;OTrente&#8220;. Unter der Leitung von Louis Gal Wir schlagen Ihnen vor, sich auf den Weg nach Santiago de Compostela zu begeben. Diese Pilgerreise [&hellip;]\" \/>\n<meta property=\"og:url\" content=\"https:\/\/www.amis-de-compostelle.fr\/de\/evenement\/konzert-santiago-vom-kammerchor-otrente\/\" \/>\n<meta property=\"og:site_name\" content=\"Soci\u00e9t\u00e9 Fran\u00e7aise des Amis de Saint-Jacques de Compostelle\" \/>\n<meta name=\"twitter:card\" content=\"summary_large_image\" \/>\n<meta name=\"twitter:label1\" content=\"Gesch\u00e4tzte Lesezeit\" \/>\n\t<meta name=\"twitter:data1\" content=\"1\u00a0Minute\" \/>\n<script type=\"application\/ld+json\" class=\"yoast-schema-graph\">{\"@context\":\"https:\\\/\\\/schema.org\",\"@graph\":[{\"@type\":\"WebPage\",\"@id\":\"https:\\\/\\\/www.amis-de-compostelle.fr\\\/de\\\/evenement\\\/konzert-santiago-vom-kammerchor-otrente\\\/\",\"url\":\"https:\\\/\\\/www.amis-de-compostelle.fr\\\/de\\\/evenement\\\/konzert-santiago-vom-kammerchor-otrente\\\/\",\"name\":\"Konzert \\\"Santiago\\\" vom Kammerchor \\\"OTrente\\\". &#060; Soci\u00e9t\u00e9 Fran\u00e7aise des Amis de Saint-Jacques de Compostelle\",\"isPartOf\":{\"@id\":\"https:\\\/\\\/www.amis-de-compostelle.fr\\\/de\\\/#website\"},\"primaryImageOfPage\":{\"@id\":\"https:\\\/\\\/www.amis-de-compostelle.fr\\\/de\\\/evenement\\\/konzert-santiago-vom-kammerchor-otrente\\\/#primaryimage\"},\"image\":{\"@id\":\"https:\\\/\\\/www.amis-de-compostelle.fr\\\/de\\\/evenement\\\/konzert-santiago-vom-kammerchor-otrente\\\/#primaryimage\"},\"thumbnailUrl\":\"https:\\\/\\\/www.amis-de-compostelle.fr\\\/wp-content\\\/uploads\\\/2023\\\/05\\\/Flyer_Santiago-scaled.jpg\",\"datePublished\":\"2023-05-02T15:27:41+00:00\",\"breadcrumb\":{\"@id\":\"https:\\\/\\\/www.amis-de-compostelle.fr\\\/de\\\/evenement\\\/konzert-santiago-vom-kammerchor-otrente\\\/#breadcrumb\"},\"inLanguage\":\"de\",\"potentialAction\":[{\"@type\":\"ReadAction\",\"target\":[\"https:\\\/\\\/www.amis-de-compostelle.fr\\\/de\\\/evenement\\\/konzert-santiago-vom-kammerchor-otrente\\\/\"]}]},{\"@type\":\"ImageObject\",\"inLanguage\":\"de\",\"@id\":\"https:\\\/\\\/www.amis-de-compostelle.fr\\\/de\\\/evenement\\\/konzert-santiago-vom-kammerchor-otrente\\\/#primaryimage\",\"url\":\"https:\\\/\\\/www.amis-de-compostelle.fr\\\/wp-content\\\/uploads\\\/2023\\\/05\\\/Flyer_Santiago-scaled.jpg\",\"contentUrl\":\"https:\\\/\\\/www.amis-de-compostelle.fr\\\/wp-content\\\/uploads\\\/2023\\\/05\\\/Flyer_Santiago-scaled.jpg\",\"width\":1820,\"height\":2560},{\"@type\":\"BreadcrumbList\",\"@id\":\"https:\\\/\\\/www.amis-de-compostelle.fr\\\/de\\\/evenement\\\/konzert-santiago-vom-kammerchor-otrente\\\/#breadcrumb\",\"itemListElement\":[{\"@type\":\"ListItem\",\"position\":1,\"name\":\"Accueil\",\"item\":\"https:\\\/\\\/www.amis-de-compostelle.fr\\\/de\\\/\"},{\"@type\":\"ListItem\",\"position\":2,\"name\":\"Veranstaltungen\",\"item\":\"https:\\\/\\\/www.amis-de-compostelle.fr\\\/de\\\/events\\\/\"},{\"@type\":\"ListItem\",\"position\":3,\"name\":\"Konzert &#8222;Santiago&#8220; vom Kammerchor &#8222;OTrente&#8220;.\"}]},{\"@type\":\"WebSite\",\"@id\":\"https:\\\/\\\/www.amis-de-compostelle.fr\\\/de\\\/#website\",\"url\":\"https:\\\/\\\/www.amis-de-compostelle.fr\\\/de\\\/\",\"name\":\"Soci\u00e9t\u00e9 Fran\u00e7aise des Amis de Saint-Jacques de Compostelle\",\"description\":\"La plus ancienne de toutes les associations jacquaires \u2013 depuis 1950\",\"publisher\":{\"@id\":\"https:\\\/\\\/www.amis-de-compostelle.fr\\\/de\\\/#organization\"},\"potentialAction\":[{\"@type\":\"SearchAction\",\"target\":{\"@type\":\"EntryPoint\",\"urlTemplate\":\"https:\\\/\\\/www.amis-de-compostelle.fr\\\/de\\\/?s={search_term_string}\"},\"query-input\":{\"@type\":\"PropertyValueSpecification\",\"valueRequired\":true,\"valueName\":\"search_term_string\"}}],\"inLanguage\":\"de\"},{\"@type\":\"Organization\",\"@id\":\"https:\\\/\\\/www.amis-de-compostelle.fr\\\/de\\\/#organization\",\"name\":\"SOCIETE FRANCAISE DES AMIS DE SAINT-JACQUES DE COMPOSTELLE\",\"url\":\"https:\\\/\\\/www.amis-de-compostelle.fr\\\/de\\\/\",\"logo\":{\"@type\":\"ImageObject\",\"inLanguage\":\"de\",\"@id\":\"https:\\\/\\\/www.amis-de-compostelle.fr\\\/de\\\/#\\\/schema\\\/logo\\\/image\\\/\",\"url\":\"https:\\\/\\\/www.amis-de-compostelle.fr\\\/wp-content\\\/uploads\\\/2021\\\/02\\\/cropped-SFASJ-logo.png\",\"contentUrl\":\"https:\\\/\\\/www.amis-de-compostelle.fr\\\/wp-content\\\/uploads\\\/2021\\\/02\\\/cropped-SFASJ-logo.png\",\"width\":512,\"height\":512,\"caption\":\"SOCIETE FRANCAISE DES AMIS DE SAINT-JACQUES DE COMPOSTELLE\"},\"image\":{\"@id\":\"https:\\\/\\\/www.amis-de-compostelle.fr\\\/de\\\/#\\\/schema\\\/logo\\\/image\\\/\"}}]}<\/script>\n<!-- \/ Yoast SEO plugin. -->","yoast_head_json":{"title":"Konzert \"Santiago\" vom Kammerchor \"OTrente\". &#060; Soci\u00e9t\u00e9 Fran\u00e7aise des Amis de Saint-Jacques de Compostelle","robots":{"index":"index","follow":"follow","max-snippet":"max-snippet:-1","max-image-preview":"max-image-preview:large","max-video-preview":"max-video-preview:-1"},"canonical":"https:\/\/www.amis-de-compostelle.fr\/de\/evenement\/konzert-santiago-vom-kammerchor-otrente\/","og_locale":"de_DE","og_type":"article","og_title":"Konzert \"Santiago\" vom Kammerchor \"OTrente\". &#060; Soci\u00e9t\u00e9 Fran\u00e7aise des Amis de Saint-Jacques de Compostelle","og_description":"\u00a1Vamos a Santiago! Konzert &#8222;Santiago&#8220; vom Kammerchor &#8222;OTrente&#8220;. Unter der Leitung von Louis Gal Wir schlagen Ihnen vor, sich auf den Weg nach Santiago de Compostela zu begeben. Diese Pilgerreise [&hellip;]","og_url":"https:\/\/www.amis-de-compostelle.fr\/de\/evenement\/konzert-santiago-vom-kammerchor-otrente\/","og_site_name":"Soci\u00e9t\u00e9 Fran\u00e7aise des Amis de Saint-Jacques de Compostelle","twitter_card":"summary_large_image","twitter_misc":{"Gesch\u00e4tzte Lesezeit":"1\u00a0Minute"},"schema":{"@context":"https:\/\/schema.org","@graph":[{"@type":"WebPage","@id":"https:\/\/www.amis-de-compostelle.fr\/de\/evenement\/konzert-santiago-vom-kammerchor-otrente\/","url":"https:\/\/www.amis-de-compostelle.fr\/de\/evenement\/konzert-santiago-vom-kammerchor-otrente\/","name":"Konzert \"Santiago\" vom Kammerchor \"OTrente\". &#060; Soci\u00e9t\u00e9 Fran\u00e7aise des Amis de Saint-Jacques de Compostelle","isPartOf":{"@id":"https:\/\/www.amis-de-compostelle.fr\/de\/#website"},"primaryImageOfPage":{"@id":"https:\/\/www.amis-de-compostelle.fr\/de\/evenement\/konzert-santiago-vom-kammerchor-otrente\/#primaryimage"},"image":{"@id":"https:\/\/www.amis-de-compostelle.fr\/de\/evenement\/konzert-santiago-vom-kammerchor-otrente\/#primaryimage"},"thumbnailUrl":"https:\/\/www.amis-de-compostelle.fr\/wp-content\/uploads\/2023\/05\/Flyer_Santiago-scaled.jpg","datePublished":"2023-05-02T15:27:41+00:00","breadcrumb":{"@id":"https:\/\/www.amis-de-compostelle.fr\/de\/evenement\/konzert-santiago-vom-kammerchor-otrente\/#breadcrumb"},"inLanguage":"de","potentialAction":[{"@type":"ReadAction","target":["https:\/\/www.amis-de-compostelle.fr\/de\/evenement\/konzert-santiago-vom-kammerchor-otrente\/"]}]},{"@type":"ImageObject","inLanguage":"de","@id":"https:\/\/www.amis-de-compostelle.fr\/de\/evenement\/konzert-santiago-vom-kammerchor-otrente\/#primaryimage","url":"https:\/\/www.amis-de-compostelle.fr\/wp-content\/uploads\/2023\/05\/Flyer_Santiago-scaled.jpg","contentUrl":"https:\/\/www.amis-de-compostelle.fr\/wp-content\/uploads\/2023\/05\/Flyer_Santiago-scaled.jpg","width":1820,"height":2560},{"@type":"BreadcrumbList","@id":"https:\/\/www.amis-de-compostelle.fr\/de\/evenement\/konzert-santiago-vom-kammerchor-otrente\/#breadcrumb","itemListElement":[{"@type":"ListItem","position":1,"name":"Accueil","item":"https:\/\/www.amis-de-compostelle.fr\/de\/"},{"@type":"ListItem","position":2,"name":"Veranstaltungen","item":"https:\/\/www.amis-de-compostelle.fr\/de\/events\/"},{"@type":"ListItem","position":3,"name":"Konzert &#8222;Santiago&#8220; vom Kammerchor &#8222;OTrente&#8220;."}]},{"@type":"WebSite","@id":"https:\/\/www.amis-de-compostelle.fr\/de\/#website","url":"https:\/\/www.amis-de-compostelle.fr\/de\/","name":"Soci\u00e9t\u00e9 Fran\u00e7aise des Amis de Saint-Jacques de Compostelle","description":"La plus ancienne de toutes les associations jacquaires \u2013 depuis 1950","publisher":{"@id":"https:\/\/www.amis-de-compostelle.fr\/de\/#organization"},"potentialAction":[{"@type":"SearchAction","target":{"@type":"EntryPoint","urlTemplate":"https:\/\/www.amis-de-compostelle.fr\/de\/?s={search_term_string}"},"query-input":{"@type":"PropertyValueSpecification","valueRequired":true,"valueName":"search_term_string"}}],"inLanguage":"de"},{"@type":"Organization","@id":"https:\/\/www.amis-de-compostelle.fr\/de\/#organization","name":"SOCIETE FRANCAISE DES AMIS DE SAINT-JACQUES DE COMPOSTELLE","url":"https:\/\/www.amis-de-compostelle.fr\/de\/","logo":{"@type":"ImageObject","inLanguage":"de","@id":"https:\/\/www.amis-de-compostelle.fr\/de\/#\/schema\/logo\/image\/","url":"https:\/\/www.amis-de-compostelle.fr\/wp-content\/uploads\/2021\/02\/cropped-SFASJ-logo.png","contentUrl":"https:\/\/www.amis-de-compostelle.fr\/wp-content\/uploads\/2021\/02\/cropped-SFASJ-logo.png","width":512,"height":512,"caption":"SOCIETE FRANCAISE DES AMIS DE SAINT-JACQUES DE COMPOSTELLE"},"image":{"@id":"https:\/\/www.amis-de-compostelle.fr\/de\/#\/schema\/logo\/image\/"}}]}},"_links":{"self":[{"href":"https:\/\/www.amis-de-compostelle.fr\/de\/wp-json\/wp\/v2\/tribe_events\/9191","targetHints":{"allow":["GET"]}}],"collection":[{"href":"https:\/\/www.amis-de-compostelle.fr\/de\/wp-json\/wp\/v2\/tribe_events"}],"about":[{"href":"https:\/\/www.amis-de-compostelle.fr\/de\/wp-json\/wp\/v2\/types\/tribe_events"}],"author":[{"embeddable":true,"href":"https:\/\/www.amis-de-compostelle.fr\/de\/wp-json\/wp\/v2\/users\/4"}],"version-history":[{"count":0,"href":"https:\/\/www.amis-de-compostelle.fr\/de\/wp-json\/wp\/v2\/tribe_events\/9191\/revisions"}],"wp:featuredmedia":[{"embeddable":true,"href":"https:\/\/www.amis-de-compostelle.fr\/de\/wp-json\/wp\/v2\/media\/6992"}],"wp:attachment":[{"href":"https:\/\/www.amis-de-compostelle.fr\/de\/wp-json\/wp\/v2\/media?parent=9191"}],"wp:term":[{"taxonomy":"post_tag","embeddable":true,"href":"https:\/\/www.amis-de-compostelle.fr\/de\/wp-json\/wp\/v2\/tags?post=9191"},{"taxonomy":"tribe_events_cat","embeddable":true,"href":"https:\/\/www.amis-de-compostelle.fr\/de\/wp-json\/wp\/v2\/tribe_events_cat?post=9191"}],"curies":[{"name":"wp","href":"https:\/\/api.w.org\/{rel}","templated":true}]}}