{"id":9205,"date":"2023-04-26T18:27:28","date_gmt":"2023-04-26T16:27:28","guid":{"rendered":"https:\/\/www.amis-de-compostelle.fr\/evenement\/weekend-in-vezelay-pilgrims-living-the-spirit-of-the-road\/"},"modified":"2023-04-26T18:27:28","modified_gmt":"2023-04-26T16:27:28","slug":"weekend-in-vezelay-pilgrims-living-the-spirit-of-the-road","status":"publish","type":"tribe_events","link":"https:\/\/www.amis-de-compostelle.fr\/en\/evenement\/weekend-in-vezelay-pilgrims-living-the-spirit-of-the-road\/","title":{"rendered":"Weekend in V\u00e9zelay: &#8220;Pilgrims, living the spirit of the road&#8221;."},"content":{"rendered":"","protected":false},"excerpt":{"rendered":"<p>Weekend in V\u00e9zelay: &#8220;Pilgrims: living the spirit of the road In V\u00e9zelay, on the eternal hill, a privileged stopover in the spirit of the road: is the program for the [&hellip;]<\/p>\n","protected":false},"author":4,"featured_media":6970,"template":"","meta":{"_acf_changed":false,"inline_featured_image":false,"_EventAllDay":false,"_EventTimezone":"Europe\/Paris","_EventStartDate":"2023-06-17 08:00:00","_EventEndDate":"2023-06-18 15:00:00","_EventStartDateUTC":"2023-06-17 06:00:00","_EventEndDateUTC":"2023-06-18 13:00:00","_EventShowMap":true,"_EventShowMapLink":true,"_EventURL":"","_EventCost":"130","_EventCostDescription":"","_EventCurrencySymbol":"","_EventCurrencyCode":"","_EventCurrencyPosition":"","_EventDateTimeSeparator":"","_EventTimeRangeSeparator":"","_EventOrganizerID":[8895,8851],"_EventVenueID":[8940],"_OrganizerEmail":"","_OrganizerPhone":"","_OrganizerWebsite":"","_VenueAddress":"","_VenueCity":"","_VenueCountry":"","_VenueProvince":"","_VenueState":"","_VenueZip":"","_VenuePhone":"","_VenueURL":"","_VenueStateProvince":"","_VenueLat":"","_VenueLng":"","_VenueShowMap":false,"_VenueShowMapLink":false,"_tribe_events_status":"","_tribe_events_status_reason":"","footnotes":""},"tags":[],"tribe_events_cat":[62],"class_list":["post-9205","tribe_events","type-tribe_events","status-publish","has-post-thumbnail","hentry","tribe_events_cat-news","cat_news"],"acf":[],"yoast_head":"<!-- This site is optimized with the Yoast SEO plugin v27.5 - https:\/\/yoast.com\/product\/yoast-seo-wordpress\/ -->\n<title>Weekend in V\u00e9zelay: &quot;Pilgrims, living the spirit of the road&quot;. &#060; Soci\u00e9t\u00e9 Fran\u00e7aise des Amis de Saint-Jacques de Compostelle<\/title>\n<meta name=\"robots\" content=\"index, follow, max-snippet:-1, max-image-preview:large, max-video-preview:-1\" \/>\n<link rel=\"canonical\" href=\"https:\/\/www.amis-de-compostelle.fr\/en\/evenement\/weekend-in-vezelay-pilgrims-living-the-spirit-of-the-road\/\" \/>\n<meta property=\"og:locale\" content=\"en_US\" \/>\n<meta property=\"og:type\" content=\"article\" \/>\n<meta property=\"og:title\" content=\"Weekend in V\u00e9zelay: &quot;Pilgrims, living the spirit of the road&quot;. &#060; Soci\u00e9t\u00e9 Fran\u00e7aise des Amis de Saint-Jacques de Compostelle\" \/>\n<meta property=\"og:description\" content=\"Weekend in V\u00e9zelay: &#8220;Pilgrims: living the spirit of the road In V\u00e9zelay, on the eternal hill, a privileged stopover in the spirit of the road: is the program for the [&hellip;]\" \/>\n<meta property=\"og:url\" content=\"https:\/\/www.amis-de-compostelle.fr\/en\/evenement\/weekend-in-vezelay-pilgrims-living-the-spirit-of-the-road\/\" \/>\n<meta property=\"og:site_name\" content=\"Soci\u00e9t\u00e9 Fran\u00e7aise des Amis de Saint-Jacques de Compostelle\" \/>\n<meta name=\"twitter:card\" content=\"summary_large_image\" \/>\n<meta name=\"twitter:label1\" content=\"Est. reading time\" \/>\n\t<meta name=\"twitter:data1\" content=\"1 minute\" \/>\n<script type=\"application\/ld+json\" class=\"yoast-schema-graph\">{\"@context\":\"https:\\\/\\\/schema.org\",\"@graph\":[{\"@type\":\"WebPage\",\"@id\":\"https:\\\/\\\/www.amis-de-compostelle.fr\\\/en\\\/evenement\\\/weekend-in-vezelay-pilgrims-living-the-spirit-of-the-road\\\/\",\"url\":\"https:\\\/\\\/www.amis-de-compostelle.fr\\\/en\\\/evenement\\\/weekend-in-vezelay-pilgrims-living-the-spirit-of-the-road\\\/\",\"name\":\"Weekend in V\u00e9zelay: \\\"Pilgrims, living the spirit of the road\\\". &#060; Soci\u00e9t\u00e9 Fran\u00e7aise des Amis de Saint-Jacques de Compostelle\",\"isPartOf\":{\"@id\":\"https:\\\/\\\/www.amis-de-compostelle.fr\\\/en\\\/#website\"},\"primaryImageOfPage\":{\"@id\":\"https:\\\/\\\/www.amis-de-compostelle.fr\\\/en\\\/evenement\\\/weekend-in-vezelay-pilgrims-living-the-spirit-of-the-road\\\/#primaryimage\"},\"image\":{\"@id\":\"https:\\\/\\\/www.amis-de-compostelle.fr\\\/en\\\/evenement\\\/weekend-in-vezelay-pilgrims-living-the-spirit-of-the-road\\\/#primaryimage\"},\"thumbnailUrl\":\"https:\\\/\\\/www.amis-de-compostelle.fr\\\/wp-content\\\/uploads\\\/2023\\\/04\\\/Vezelay-\u00a9-Office-de-tourisme-de-Vezelay.jpeg\",\"datePublished\":\"2023-04-26T16:27:28+00:00\",\"breadcrumb\":{\"@id\":\"https:\\\/\\\/www.amis-de-compostelle.fr\\\/en\\\/evenement\\\/weekend-in-vezelay-pilgrims-living-the-spirit-of-the-road\\\/#breadcrumb\"},\"inLanguage\":\"en-US\",\"potentialAction\":[{\"@type\":\"ReadAction\",\"target\":[\"https:\\\/\\\/www.amis-de-compostelle.fr\\\/en\\\/evenement\\\/weekend-in-vezelay-pilgrims-living-the-spirit-of-the-road\\\/\"]}]},{\"@type\":\"ImageObject\",\"inLanguage\":\"en-US\",\"@id\":\"https:\\\/\\\/www.amis-de-compostelle.fr\\\/en\\\/evenement\\\/weekend-in-vezelay-pilgrims-living-the-spirit-of-the-road\\\/#primaryimage\",\"url\":\"https:\\\/\\\/www.amis-de-compostelle.fr\\\/wp-content\\\/uploads\\\/2023\\\/04\\\/Vezelay-\u00a9-Office-de-tourisme-de-Vezelay.jpeg\",\"contentUrl\":\"https:\\\/\\\/www.amis-de-compostelle.fr\\\/wp-content\\\/uploads\\\/2023\\\/04\\\/Vezelay-\u00a9-Office-de-tourisme-de-Vezelay.jpeg\",\"width\":1280,\"height\":853},{\"@type\":\"BreadcrumbList\",\"@id\":\"https:\\\/\\\/www.amis-de-compostelle.fr\\\/en\\\/evenement\\\/weekend-in-vezelay-pilgrims-living-the-spirit-of-the-road\\\/#breadcrumb\",\"itemListElement\":[{\"@type\":\"ListItem\",\"position\":1,\"name\":\"Accueil\",\"item\":\"https:\\\/\\\/www.amis-de-compostelle.fr\\\/en\\\/\"},{\"@type\":\"ListItem\",\"position\":2,\"name\":\"Events\",\"item\":\"https:\\\/\\\/www.amis-de-compostelle.fr\\\/en\\\/events\\\/\"},{\"@type\":\"ListItem\",\"position\":3,\"name\":\"Weekend in V\u00e9zelay: &#8220;Pilgrims, living the spirit of the road&#8221;.\"}]},{\"@type\":\"WebSite\",\"@id\":\"https:\\\/\\\/www.amis-de-compostelle.fr\\\/en\\\/#website\",\"url\":\"https:\\\/\\\/www.amis-de-compostelle.fr\\\/en\\\/\",\"name\":\"Soci\u00e9t\u00e9 Fran\u00e7aise des Amis de Saint-Jacques de Compostelle\",\"description\":\"La plus ancienne de toutes les associations jacquaires \u2013 depuis 1950\",\"publisher\":{\"@id\":\"https:\\\/\\\/www.amis-de-compostelle.fr\\\/en\\\/#organization\"},\"potentialAction\":[{\"@type\":\"SearchAction\",\"target\":{\"@type\":\"EntryPoint\",\"urlTemplate\":\"https:\\\/\\\/www.amis-de-compostelle.fr\\\/en\\\/?s={search_term_string}\"},\"query-input\":{\"@type\":\"PropertyValueSpecification\",\"valueRequired\":true,\"valueName\":\"search_term_string\"}}],\"inLanguage\":\"en-US\"},{\"@type\":\"Organization\",\"@id\":\"https:\\\/\\\/www.amis-de-compostelle.fr\\\/en\\\/#organization\",\"name\":\"SOCIETE FRANCAISE DES AMIS DE SAINT-JACQUES DE COMPOSTELLE\",\"url\":\"https:\\\/\\\/www.amis-de-compostelle.fr\\\/en\\\/\",\"logo\":{\"@type\":\"ImageObject\",\"inLanguage\":\"en-US\",\"@id\":\"https:\\\/\\\/www.amis-de-compostelle.fr\\\/en\\\/#\\\/schema\\\/logo\\\/image\\\/\",\"url\":\"https:\\\/\\\/www.amis-de-compostelle.fr\\\/wp-content\\\/uploads\\\/2021\\\/02\\\/cropped-SFASJ-logo.png\",\"contentUrl\":\"https:\\\/\\\/www.amis-de-compostelle.fr\\\/wp-content\\\/uploads\\\/2021\\\/02\\\/cropped-SFASJ-logo.png\",\"width\":512,\"height\":512,\"caption\":\"SOCIETE FRANCAISE DES AMIS DE SAINT-JACQUES DE COMPOSTELLE\"},\"image\":{\"@id\":\"https:\\\/\\\/www.amis-de-compostelle.fr\\\/en\\\/#\\\/schema\\\/logo\\\/image\\\/\"}}]}<\/script>\n<!-- \/ Yoast SEO plugin. -->","yoast_head_json":{"title":"Weekend in V\u00e9zelay: \"Pilgrims, living the spirit of the road\". &#060; Soci\u00e9t\u00e9 Fran\u00e7aise des Amis de Saint-Jacques de Compostelle","robots":{"index":"index","follow":"follow","max-snippet":"max-snippet:-1","max-image-preview":"max-image-preview:large","max-video-preview":"max-video-preview:-1"},"canonical":"https:\/\/www.amis-de-compostelle.fr\/en\/evenement\/weekend-in-vezelay-pilgrims-living-the-spirit-of-the-road\/","og_locale":"en_US","og_type":"article","og_title":"Weekend in V\u00e9zelay: \"Pilgrims, living the spirit of the road\". &#060; Soci\u00e9t\u00e9 Fran\u00e7aise des Amis de Saint-Jacques de Compostelle","og_description":"Weekend in V\u00e9zelay: &#8220;Pilgrims: living the spirit of the road In V\u00e9zelay, on the eternal hill, a privileged stopover in the spirit of the road: is the program for the [&hellip;]","og_url":"https:\/\/www.amis-de-compostelle.fr\/en\/evenement\/weekend-in-vezelay-pilgrims-living-the-spirit-of-the-road\/","og_site_name":"Soci\u00e9t\u00e9 Fran\u00e7aise des Amis de Saint-Jacques de Compostelle","twitter_card":"summary_large_image","twitter_misc":{"Est. reading time":"1 minute"},"schema":{"@context":"https:\/\/schema.org","@graph":[{"@type":"WebPage","@id":"https:\/\/www.amis-de-compostelle.fr\/en\/evenement\/weekend-in-vezelay-pilgrims-living-the-spirit-of-the-road\/","url":"https:\/\/www.amis-de-compostelle.fr\/en\/evenement\/weekend-in-vezelay-pilgrims-living-the-spirit-of-the-road\/","name":"Weekend in V\u00e9zelay: \"Pilgrims, living the spirit of the road\". &#060; Soci\u00e9t\u00e9 Fran\u00e7aise des Amis de Saint-Jacques de Compostelle","isPartOf":{"@id":"https:\/\/www.amis-de-compostelle.fr\/en\/#website"},"primaryImageOfPage":{"@id":"https:\/\/www.amis-de-compostelle.fr\/en\/evenement\/weekend-in-vezelay-pilgrims-living-the-spirit-of-the-road\/#primaryimage"},"image":{"@id":"https:\/\/www.amis-de-compostelle.fr\/en\/evenement\/weekend-in-vezelay-pilgrims-living-the-spirit-of-the-road\/#primaryimage"},"thumbnailUrl":"https:\/\/www.amis-de-compostelle.fr\/wp-content\/uploads\/2023\/04\/Vezelay-\u00a9-Office-de-tourisme-de-Vezelay.jpeg","datePublished":"2023-04-26T16:27:28+00:00","breadcrumb":{"@id":"https:\/\/www.amis-de-compostelle.fr\/en\/evenement\/weekend-in-vezelay-pilgrims-living-the-spirit-of-the-road\/#breadcrumb"},"inLanguage":"en-US","potentialAction":[{"@type":"ReadAction","target":["https:\/\/www.amis-de-compostelle.fr\/en\/evenement\/weekend-in-vezelay-pilgrims-living-the-spirit-of-the-road\/"]}]},{"@type":"ImageObject","inLanguage":"en-US","@id":"https:\/\/www.amis-de-compostelle.fr\/en\/evenement\/weekend-in-vezelay-pilgrims-living-the-spirit-of-the-road\/#primaryimage","url":"https:\/\/www.amis-de-compostelle.fr\/wp-content\/uploads\/2023\/04\/Vezelay-\u00a9-Office-de-tourisme-de-Vezelay.jpeg","contentUrl":"https:\/\/www.amis-de-compostelle.fr\/wp-content\/uploads\/2023\/04\/Vezelay-\u00a9-Office-de-tourisme-de-Vezelay.jpeg","width":1280,"height":853},{"@type":"BreadcrumbList","@id":"https:\/\/www.amis-de-compostelle.fr\/en\/evenement\/weekend-in-vezelay-pilgrims-living-the-spirit-of-the-road\/#breadcrumb","itemListElement":[{"@type":"ListItem","position":1,"name":"Accueil","item":"https:\/\/www.amis-de-compostelle.fr\/en\/"},{"@type":"ListItem","position":2,"name":"Events","item":"https:\/\/www.amis-de-compostelle.fr\/en\/events\/"},{"@type":"ListItem","position":3,"name":"Weekend in V\u00e9zelay: &#8220;Pilgrims, living the spirit of the road&#8221;."}]},{"@type":"WebSite","@id":"https:\/\/www.amis-de-compostelle.fr\/en\/#website","url":"https:\/\/www.amis-de-compostelle.fr\/en\/","name":"Soci\u00e9t\u00e9 Fran\u00e7aise des Amis de Saint-Jacques de Compostelle","description":"La plus ancienne de toutes les associations jacquaires \u2013 depuis 1950","publisher":{"@id":"https:\/\/www.amis-de-compostelle.fr\/en\/#organization"},"potentialAction":[{"@type":"SearchAction","target":{"@type":"EntryPoint","urlTemplate":"https:\/\/www.amis-de-compostelle.fr\/en\/?s={search_term_string}"},"query-input":{"@type":"PropertyValueSpecification","valueRequired":true,"valueName":"search_term_string"}}],"inLanguage":"en-US"},{"@type":"Organization","@id":"https:\/\/www.amis-de-compostelle.fr\/en\/#organization","name":"SOCIETE FRANCAISE DES AMIS DE SAINT-JACQUES DE COMPOSTELLE","url":"https:\/\/www.amis-de-compostelle.fr\/en\/","logo":{"@type":"ImageObject","inLanguage":"en-US","@id":"https:\/\/www.amis-de-compostelle.fr\/en\/#\/schema\/logo\/image\/","url":"https:\/\/www.amis-de-compostelle.fr\/wp-content\/uploads\/2021\/02\/cropped-SFASJ-logo.png","contentUrl":"https:\/\/www.amis-de-compostelle.fr\/wp-content\/uploads\/2021\/02\/cropped-SFASJ-logo.png","width":512,"height":512,"caption":"SOCIETE FRANCAISE DES AMIS DE SAINT-JACQUES DE COMPOSTELLE"},"image":{"@id":"https:\/\/www.amis-de-compostelle.fr\/en\/#\/schema\/logo\/image\/"}}]}},"_links":{"self":[{"href":"https:\/\/www.amis-de-compostelle.fr\/en\/wp-json\/wp\/v2\/tribe_events\/9205","targetHints":{"allow":["GET"]}}],"collection":[{"href":"https:\/\/www.amis-de-compostelle.fr\/en\/wp-json\/wp\/v2\/tribe_events"}],"about":[{"href":"https:\/\/www.amis-de-compostelle.fr\/en\/wp-json\/wp\/v2\/types\/tribe_events"}],"author":[{"embeddable":true,"href":"https:\/\/www.amis-de-compostelle.fr\/en\/wp-json\/wp\/v2\/users\/4"}],"version-history":[{"count":0,"href":"https:\/\/www.amis-de-compostelle.fr\/en\/wp-json\/wp\/v2\/tribe_events\/9205\/revisions"}],"wp:featuredmedia":[{"embeddable":true,"href":"https:\/\/www.amis-de-compostelle.fr\/en\/wp-json\/wp\/v2\/media\/6970"}],"wp:attachment":[{"href":"https:\/\/www.amis-de-compostelle.fr\/en\/wp-json\/wp\/v2\/media?parent=9205"}],"wp:term":[{"taxonomy":"post_tag","embeddable":true,"href":"https:\/\/www.amis-de-compostelle.fr\/en\/wp-json\/wp\/v2\/tags?post=9205"},{"taxonomy":"tribe_events_cat","embeddable":true,"href":"https:\/\/www.amis-de-compostelle.fr\/en\/wp-json\/wp\/v2\/tribe_events_cat?post=9205"}],"curies":[{"name":"wp","href":"https:\/\/api.w.org\/{rel}","templated":true}]}}