{"id":8807,"date":"2021-02-04T21:13:33","date_gmt":"2021-02-04T20:13:33","guid":{"rendered":"https:\/\/www.amis-de-compostelle.fr\/evenement\/velada-especial-camino-de-santiago-ano-jubilar\/"},"modified":"2021-02-04T21:13:33","modified_gmt":"2021-02-04T20:13:33","slug":"velada-especial-camino-de-santiago-ano-jubilar","status":"publish","type":"tribe_events","link":"https:\/\/www.amis-de-compostelle.fr\/es\/evenement\/velada-especial-camino-de-santiago-ano-jubilar\/","title":{"rendered":"Velada especial \u00abCamino de Santiago &#8211; A\u00f1o Jubilar"},"content":{"rendered":"","protected":false},"excerpt":{"rendered":"<p>En el ciclo \u00abCiclo \u00abDes chemins et des hommes Una videoconferencia dedicada al Camino de Santiago, con motivo del A\u00f1o Jubilar. Esta velada, presentada por Ga\u00eble de La Brosse y [&hellip;]<\/p>\n","protected":false},"author":1,"featured_media":6168,"template":"","meta":{"_acf_changed":false,"inline_featured_image":false,"_EventAllDay":false,"_EventTimezone":"Europe\/Paris","_EventStartDate":"2021-03-19 19:30:00","_EventEndDate":"2021-03-19 21:00:00","_EventStartDateUTC":"2021-03-19 18:30:00","_EventEndDateUTC":"2021-03-19 20:00:00","_EventShowMap":true,"_EventShowMapLink":true,"_EventURL":"Enlace al acto","_EventCost":"","_EventCostDescription":"","_EventCurrencySymbol":"","_EventCurrencyCode":"","_EventCurrencyPosition":"","_EventDateTimeSeparator":"","_EventTimeRangeSeparator":"","_EventOrganizerID":[8902],"_EventVenueID":[],"_OrganizerEmail":"","_OrganizerPhone":"","_OrganizerWebsite":"","_VenueAddress":"","_VenueCity":"","_VenueCountry":"","_VenueProvince":"","_VenueState":"","_VenueZip":"","_VenuePhone":"","_VenueURL":"","_VenueStateProvince":"","_VenueLat":"","_VenueLng":"","_VenueShowMap":false,"_VenueShowMapLink":false,"_tribe_events_status":"","_tribe_events_status_reason":"","footnotes":""},"tags":[],"tribe_events_cat":[58],"class_list":["post-8807","tribe_events","type-tribe_events","status-publish","has-post-thumbnail","hentry","tribe_events_cat-conferencia","cat_conferencia"],"acf":[],"yoast_head":"<!-- This site is optimized with the Yoast SEO plugin v27.5 - https:\/\/yoast.com\/product\/yoast-seo-wordpress\/ -->\n<title>Velada especial &quot;Camino de Santiago - A\u00f1o Jubilar &#060; Soci\u00e9t\u00e9 Fran\u00e7aise des Amis de Saint-Jacques de Compostelle<\/title>\n<meta name=\"robots\" content=\"index, follow, max-snippet:-1, max-image-preview:large, max-video-preview:-1\" \/>\n<link rel=\"canonical\" href=\"https:\/\/www.amis-de-compostelle.fr\/es\/evenement\/velada-especial-camino-de-santiago-ano-jubilar\/\" \/>\n<meta property=\"og:locale\" content=\"es_ES\" \/>\n<meta property=\"og:type\" content=\"article\" \/>\n<meta property=\"og:title\" content=\"Velada especial &quot;Camino de Santiago - A\u00f1o Jubilar &#060; Soci\u00e9t\u00e9 Fran\u00e7aise des Amis de Saint-Jacques de Compostelle\" \/>\n<meta property=\"og:description\" content=\"En el ciclo \u00abCiclo \u00abDes chemins et des hommes Una videoconferencia dedicada al Camino de Santiago, con motivo del A\u00f1o Jubilar. Esta velada, presentada por Ga\u00eble de La Brosse y [&hellip;]\" \/>\n<meta property=\"og:url\" content=\"https:\/\/www.amis-de-compostelle.fr\/es\/evenement\/velada-especial-camino-de-santiago-ano-jubilar\/\" \/>\n<meta property=\"og:site_name\" content=\"Soci\u00e9t\u00e9 Fran\u00e7aise des Amis de Saint-Jacques de Compostelle\" \/>\n<meta name=\"twitter:card\" content=\"summary_large_image\" \/>\n<meta name=\"twitter:label1\" content=\"Tiempo de lectura\" \/>\n\t<meta name=\"twitter:data1\" content=\"1 minuto\" \/>\n<script type=\"application\/ld+json\" class=\"yoast-schema-graph\">{\"@context\":\"https:\\\/\\\/schema.org\",\"@graph\":[{\"@type\":\"WebPage\",\"@id\":\"https:\\\/\\\/www.amis-de-compostelle.fr\\\/es\\\/evenement\\\/velada-especial-camino-de-santiago-ano-jubilar\\\/\",\"url\":\"https:\\\/\\\/www.amis-de-compostelle.fr\\\/es\\\/evenement\\\/velada-especial-camino-de-santiago-ano-jubilar\\\/\",\"name\":\"Velada especial \\\"Camino de Santiago - A\u00f1o Jubilar &#060; Soci\u00e9t\u00e9 Fran\u00e7aise des Amis de Saint-Jacques de Compostelle\",\"isPartOf\":{\"@id\":\"https:\\\/\\\/www.amis-de-compostelle.fr\\\/es\\\/#website\"},\"primaryImageOfPage\":{\"@id\":\"https:\\\/\\\/www.amis-de-compostelle.fr\\\/es\\\/evenement\\\/velada-especial-camino-de-santiago-ano-jubilar\\\/#primaryimage\"},\"image\":{\"@id\":\"https:\\\/\\\/www.amis-de-compostelle.fr\\\/es\\\/evenement\\\/velada-especial-camino-de-santiago-ano-jubilar\\\/#primaryimage\"},\"thumbnailUrl\":\"https:\\\/\\\/www.amis-de-compostelle.fr\\\/wp-content\\\/uploads\\\/2021\\\/02\\\/Amisdestjacques-FBLIVE_cheminsstjacques_mars2021.jpg\",\"datePublished\":\"2021-02-04T20:13:33+00:00\",\"breadcrumb\":{\"@id\":\"https:\\\/\\\/www.amis-de-compostelle.fr\\\/es\\\/evenement\\\/velada-especial-camino-de-santiago-ano-jubilar\\\/#breadcrumb\"},\"inLanguage\":\"es\",\"potentialAction\":[{\"@type\":\"ReadAction\",\"target\":[\"https:\\\/\\\/www.amis-de-compostelle.fr\\\/es\\\/evenement\\\/velada-especial-camino-de-santiago-ano-jubilar\\\/\"]}]},{\"@type\":\"ImageObject\",\"inLanguage\":\"es\",\"@id\":\"https:\\\/\\\/www.amis-de-compostelle.fr\\\/es\\\/evenement\\\/velada-especial-camino-de-santiago-ano-jubilar\\\/#primaryimage\",\"url\":\"https:\\\/\\\/www.amis-de-compostelle.fr\\\/wp-content\\\/uploads\\\/2021\\\/02\\\/Amisdestjacques-FBLIVE_cheminsstjacques_mars2021.jpg\",\"contentUrl\":\"https:\\\/\\\/www.amis-de-compostelle.fr\\\/wp-content\\\/uploads\\\/2021\\\/02\\\/Amisdestjacques-FBLIVE_cheminsstjacques_mars2021.jpg\",\"width\":1953,\"height\":1023},{\"@type\":\"BreadcrumbList\",\"@id\":\"https:\\\/\\\/www.amis-de-compostelle.fr\\\/es\\\/evenement\\\/velada-especial-camino-de-santiago-ano-jubilar\\\/#breadcrumb\",\"itemListElement\":[{\"@type\":\"ListItem\",\"position\":1,\"name\":\"Accueil\",\"item\":\"https:\\\/\\\/www.amis-de-compostelle.fr\\\/es\\\/\"},{\"@type\":\"ListItem\",\"position\":2,\"name\":\"Eventos\",\"item\":\"https:\\\/\\\/www.amis-de-compostelle.fr\\\/es\\\/events\\\/\"},{\"@type\":\"ListItem\",\"position\":3,\"name\":\"Velada especial &#8222;Camino de Santiago &#8211; A\u00f1o Jubilar\"}]},{\"@type\":\"WebSite\",\"@id\":\"https:\\\/\\\/www.amis-de-compostelle.fr\\\/es\\\/#website\",\"url\":\"https:\\\/\\\/www.amis-de-compostelle.fr\\\/es\\\/\",\"name\":\"Soci\u00e9t\u00e9 Fran\u00e7aise des Amis de Saint-Jacques de Compostelle\",\"description\":\"La plus ancienne de toutes les associations jacquaires \u2013 depuis 1950\",\"publisher\":{\"@id\":\"https:\\\/\\\/www.amis-de-compostelle.fr\\\/es\\\/#organization\"},\"potentialAction\":[{\"@type\":\"SearchAction\",\"target\":{\"@type\":\"EntryPoint\",\"urlTemplate\":\"https:\\\/\\\/www.amis-de-compostelle.fr\\\/es\\\/?s={search_term_string}\"},\"query-input\":{\"@type\":\"PropertyValueSpecification\",\"valueRequired\":true,\"valueName\":\"search_term_string\"}}],\"inLanguage\":\"es\"},{\"@type\":\"Organization\",\"@id\":\"https:\\\/\\\/www.amis-de-compostelle.fr\\\/es\\\/#organization\",\"name\":\"SOCIETE FRANCAISE DES AMIS DE SAINT-JACQUES DE COMPOSTELLE\",\"url\":\"https:\\\/\\\/www.amis-de-compostelle.fr\\\/es\\\/\",\"logo\":{\"@type\":\"ImageObject\",\"inLanguage\":\"es\",\"@id\":\"https:\\\/\\\/www.amis-de-compostelle.fr\\\/es\\\/#\\\/schema\\\/logo\\\/image\\\/\",\"url\":\"https:\\\/\\\/www.amis-de-compostelle.fr\\\/wp-content\\\/uploads\\\/2021\\\/02\\\/cropped-SFASJ-logo.png\",\"contentUrl\":\"https:\\\/\\\/www.amis-de-compostelle.fr\\\/wp-content\\\/uploads\\\/2021\\\/02\\\/cropped-SFASJ-logo.png\",\"width\":512,\"height\":512,\"caption\":\"SOCIETE FRANCAISE DES AMIS DE SAINT-JACQUES DE COMPOSTELLE\"},\"image\":{\"@id\":\"https:\\\/\\\/www.amis-de-compostelle.fr\\\/es\\\/#\\\/schema\\\/logo\\\/image\\\/\"}}]}<\/script>\n<!-- \/ Yoast SEO plugin. -->","yoast_head_json":{"title":"Velada especial \"Camino de Santiago - A\u00f1o Jubilar &#060; Soci\u00e9t\u00e9 Fran\u00e7aise des Amis de Saint-Jacques de Compostelle","robots":{"index":"index","follow":"follow","max-snippet":"max-snippet:-1","max-image-preview":"max-image-preview:large","max-video-preview":"max-video-preview:-1"},"canonical":"https:\/\/www.amis-de-compostelle.fr\/es\/evenement\/velada-especial-camino-de-santiago-ano-jubilar\/","og_locale":"es_ES","og_type":"article","og_title":"Velada especial \"Camino de Santiago - A\u00f1o Jubilar &#060; Soci\u00e9t\u00e9 Fran\u00e7aise des Amis de Saint-Jacques de Compostelle","og_description":"En el ciclo \u00abCiclo \u00abDes chemins et des hommes Una videoconferencia dedicada al Camino de Santiago, con motivo del A\u00f1o Jubilar. Esta velada, presentada por Ga\u00eble de La Brosse y [&hellip;]","og_url":"https:\/\/www.amis-de-compostelle.fr\/es\/evenement\/velada-especial-camino-de-santiago-ano-jubilar\/","og_site_name":"Soci\u00e9t\u00e9 Fran\u00e7aise des Amis de Saint-Jacques de Compostelle","twitter_card":"summary_large_image","twitter_misc":{"Tiempo de lectura":"1 minuto"},"schema":{"@context":"https:\/\/schema.org","@graph":[{"@type":"WebPage","@id":"https:\/\/www.amis-de-compostelle.fr\/es\/evenement\/velada-especial-camino-de-santiago-ano-jubilar\/","url":"https:\/\/www.amis-de-compostelle.fr\/es\/evenement\/velada-especial-camino-de-santiago-ano-jubilar\/","name":"Velada especial \"Camino de Santiago - A\u00f1o Jubilar &#060; Soci\u00e9t\u00e9 Fran\u00e7aise des Amis de Saint-Jacques de Compostelle","isPartOf":{"@id":"https:\/\/www.amis-de-compostelle.fr\/es\/#website"},"primaryImageOfPage":{"@id":"https:\/\/www.amis-de-compostelle.fr\/es\/evenement\/velada-especial-camino-de-santiago-ano-jubilar\/#primaryimage"},"image":{"@id":"https:\/\/www.amis-de-compostelle.fr\/es\/evenement\/velada-especial-camino-de-santiago-ano-jubilar\/#primaryimage"},"thumbnailUrl":"https:\/\/www.amis-de-compostelle.fr\/wp-content\/uploads\/2021\/02\/Amisdestjacques-FBLIVE_cheminsstjacques_mars2021.jpg","datePublished":"2021-02-04T20:13:33+00:00","breadcrumb":{"@id":"https:\/\/www.amis-de-compostelle.fr\/es\/evenement\/velada-especial-camino-de-santiago-ano-jubilar\/#breadcrumb"},"inLanguage":"es","potentialAction":[{"@type":"ReadAction","target":["https:\/\/www.amis-de-compostelle.fr\/es\/evenement\/velada-especial-camino-de-santiago-ano-jubilar\/"]}]},{"@type":"ImageObject","inLanguage":"es","@id":"https:\/\/www.amis-de-compostelle.fr\/es\/evenement\/velada-especial-camino-de-santiago-ano-jubilar\/#primaryimage","url":"https:\/\/www.amis-de-compostelle.fr\/wp-content\/uploads\/2021\/02\/Amisdestjacques-FBLIVE_cheminsstjacques_mars2021.jpg","contentUrl":"https:\/\/www.amis-de-compostelle.fr\/wp-content\/uploads\/2021\/02\/Amisdestjacques-FBLIVE_cheminsstjacques_mars2021.jpg","width":1953,"height":1023},{"@type":"BreadcrumbList","@id":"https:\/\/www.amis-de-compostelle.fr\/es\/evenement\/velada-especial-camino-de-santiago-ano-jubilar\/#breadcrumb","itemListElement":[{"@type":"ListItem","position":1,"name":"Accueil","item":"https:\/\/www.amis-de-compostelle.fr\/es\/"},{"@type":"ListItem","position":2,"name":"Eventos","item":"https:\/\/www.amis-de-compostelle.fr\/es\/events\/"},{"@type":"ListItem","position":3,"name":"Velada especial &#8222;Camino de Santiago &#8211; A\u00f1o Jubilar"}]},{"@type":"WebSite","@id":"https:\/\/www.amis-de-compostelle.fr\/es\/#website","url":"https:\/\/www.amis-de-compostelle.fr\/es\/","name":"Soci\u00e9t\u00e9 Fran\u00e7aise des Amis de Saint-Jacques de Compostelle","description":"La plus ancienne de toutes les associations jacquaires \u2013 depuis 1950","publisher":{"@id":"https:\/\/www.amis-de-compostelle.fr\/es\/#organization"},"potentialAction":[{"@type":"SearchAction","target":{"@type":"EntryPoint","urlTemplate":"https:\/\/www.amis-de-compostelle.fr\/es\/?s={search_term_string}"},"query-input":{"@type":"PropertyValueSpecification","valueRequired":true,"valueName":"search_term_string"}}],"inLanguage":"es"},{"@type":"Organization","@id":"https:\/\/www.amis-de-compostelle.fr\/es\/#organization","name":"SOCIETE FRANCAISE DES AMIS DE SAINT-JACQUES DE COMPOSTELLE","url":"https:\/\/www.amis-de-compostelle.fr\/es\/","logo":{"@type":"ImageObject","inLanguage":"es","@id":"https:\/\/www.amis-de-compostelle.fr\/es\/#\/schema\/logo\/image\/","url":"https:\/\/www.amis-de-compostelle.fr\/wp-content\/uploads\/2021\/02\/cropped-SFASJ-logo.png","contentUrl":"https:\/\/www.amis-de-compostelle.fr\/wp-content\/uploads\/2021\/02\/cropped-SFASJ-logo.png","width":512,"height":512,"caption":"SOCIETE FRANCAISE DES AMIS DE SAINT-JACQUES DE COMPOSTELLE"},"image":{"@id":"https:\/\/www.amis-de-compostelle.fr\/es\/#\/schema\/logo\/image\/"}}]}},"_links":{"self":[{"href":"https:\/\/www.amis-de-compostelle.fr\/es\/wp-json\/wp\/v2\/tribe_events\/8807","targetHints":{"allow":["GET"]}}],"collection":[{"href":"https:\/\/www.amis-de-compostelle.fr\/es\/wp-json\/wp\/v2\/tribe_events"}],"about":[{"href":"https:\/\/www.amis-de-compostelle.fr\/es\/wp-json\/wp\/v2\/types\/tribe_events"}],"author":[{"embeddable":true,"href":"https:\/\/www.amis-de-compostelle.fr\/es\/wp-json\/wp\/v2\/users\/1"}],"version-history":[{"count":0,"href":"https:\/\/www.amis-de-compostelle.fr\/es\/wp-json\/wp\/v2\/tribe_events\/8807\/revisions"}],"wp:featuredmedia":[{"embeddable":true,"href":"https:\/\/www.amis-de-compostelle.fr\/es\/wp-json\/wp\/v2\/media\/6168"}],"wp:attachment":[{"href":"https:\/\/www.amis-de-compostelle.fr\/es\/wp-json\/wp\/v2\/media?parent=8807"}],"wp:term":[{"taxonomy":"post_tag","embeddable":true,"href":"https:\/\/www.amis-de-compostelle.fr\/es\/wp-json\/wp\/v2\/tags?post=8807"},{"taxonomy":"tribe_events_cat","embeddable":true,"href":"https:\/\/www.amis-de-compostelle.fr\/es\/wp-json\/wp\/v2\/tribe_events_cat?post=8807"}],"curies":[{"name":"wp","href":"https:\/\/api.w.org\/{rel}","templated":true}]}}