{"id":9362,"date":"2022-02-10T16:29:21","date_gmt":"2022-02-10T15:29:21","guid":{"rendered":"https:\/\/www.amis-de-compostelle.fr\/evenement\/conferencia-fb-live-la-via-arverna-una-nueva-ruta-hacia-compostela-claire-colette\/"},"modified":"2022-02-10T16:29:21","modified_gmt":"2022-02-10T15:29:21","slug":"conferencia-fb-live-la-via-arverna-una-nueva-ruta-hacia-compostela-claire-colette","status":"publish","type":"tribe_events","link":"https:\/\/www.amis-de-compostelle.fr\/es\/evenement\/conferencia-fb-live-la-via-arverna-una-nueva-ruta-hacia-compostela-claire-colette\/","title":{"rendered":"Conferencia FB Live \u00bb La V\u00eda arverna, una nueva ruta hacia Compostela \u00bb Claire Colette"},"content":{"rendered":"","protected":false},"excerpt":{"rendered":"<p>\u00abLa V\u00eda Arverna, una nueva ruta hacia Compostela En el marco del ciclo \u00abDes chemins et des hommes\u00bb, videoconferencia con Claire Colette el viernes 4 de marzo de 19.30 a [&hellip;]<\/p>\n","protected":false},"author":4,"featured_media":6387,"template":"","meta":{"_acf_changed":false,"inline_featured_image":false,"_EventAllDay":false,"_EventTimezone":"Europe\/Paris","_EventStartDate":"2022-03-04 19:30:00","_EventEndDate":"2022-03-04 21:00:00","_EventStartDateUTC":"2022-03-04 18:30:00","_EventEndDateUTC":"2022-03-04 20:00:00","_EventShowMap":true,"_EventShowMapLink":true,"_EventURL":"","_EventCost":"","_EventCostDescription":"","_EventCurrencySymbol":"","_EventCurrencyCode":"","_EventCurrencyPosition":"","_EventDateTimeSeparator":"","_EventTimeRangeSeparator":"","_EventOrganizerID":[8902],"_EventVenueID":[],"_OrganizerEmail":"","_OrganizerPhone":"","_OrganizerWebsite":"","_VenueAddress":"","_VenueCity":"","_VenueCountry":"","_VenueProvince":"","_VenueState":"","_VenueZip":"","_VenuePhone":"","_VenueURL":"","_VenueStateProvince":"","_VenueLat":"","_VenueLng":"","_VenueShowMap":false,"_VenueShowMapLink":false,"_tribe_events_status":"","_tribe_events_status_reason":"","footnotes":""},"tags":[],"tribe_events_cat":[58],"class_list":["post-9362","tribe_events","type-tribe_events","status-publish","has-post-thumbnail","hentry","tribe_events_cat-conferencia","cat_conferencia"],"acf":[],"yoast_head":"<!-- This site is optimized with the Yoast SEO plugin v27.5 - https:\/\/yoast.com\/product\/yoast-seo-wordpress\/ -->\n<title>Conferencia FB Live &quot; La V\u00eda arverna, una nueva ruta hacia Compostela &quot; Claire Colette &#060; Soci\u00e9t\u00e9 Fran\u00e7aise des Amis de Saint-Jacques de Compostelle<\/title>\n<meta name=\"robots\" content=\"index, follow, max-snippet:-1, max-image-preview:large, max-video-preview:-1\" \/>\n<link rel=\"canonical\" href=\"https:\/\/www.amis-de-compostelle.fr\/es\/evenement\/conferencia-fb-live-la-via-arverna-una-nueva-ruta-hacia-compostela-claire-colette\/\" \/>\n<meta property=\"og:locale\" content=\"es_ES\" \/>\n<meta property=\"og:type\" content=\"article\" \/>\n<meta property=\"og:title\" content=\"Conferencia FB Live &quot; La V\u00eda arverna, una nueva ruta hacia Compostela &quot; Claire Colette &#060; Soci\u00e9t\u00e9 Fran\u00e7aise des Amis de Saint-Jacques de Compostelle\" \/>\n<meta property=\"og:description\" content=\"\u00abLa V\u00eda Arverna, una nueva ruta hacia Compostela En el marco del ciclo \u00abDes chemins et des hommes\u00bb, videoconferencia con Claire Colette el viernes 4 de marzo de 19.30 a [&hellip;]\" \/>\n<meta property=\"og:url\" content=\"https:\/\/www.amis-de-compostelle.fr\/es\/evenement\/conferencia-fb-live-la-via-arverna-una-nueva-ruta-hacia-compostela-claire-colette\/\" \/>\n<meta property=\"og:site_name\" content=\"Soci\u00e9t\u00e9 Fran\u00e7aise des Amis de Saint-Jacques de Compostelle\" \/>\n<meta name=\"twitter:card\" content=\"summary_large_image\" \/>\n<meta name=\"twitter:label1\" content=\"Tiempo de lectura\" \/>\n\t<meta name=\"twitter:data1\" content=\"1 minuto\" \/>\n<script type=\"application\/ld+json\" class=\"yoast-schema-graph\">{\"@context\":\"https:\\\/\\\/schema.org\",\"@graph\":[{\"@type\":\"WebPage\",\"@id\":\"https:\\\/\\\/www.amis-de-compostelle.fr\\\/es\\\/evenement\\\/conferencia-fb-live-la-via-arverna-una-nueva-ruta-hacia-compostela-claire-colette\\\/\",\"url\":\"https:\\\/\\\/www.amis-de-compostelle.fr\\\/es\\\/evenement\\\/conferencia-fb-live-la-via-arverna-una-nueva-ruta-hacia-compostela-claire-colette\\\/\",\"name\":\"Conferencia FB Live \\\" La V\u00eda arverna, una nueva ruta hacia Compostela \\\" Claire Colette &#060; Soci\u00e9t\u00e9 Fran\u00e7aise des Amis de Saint-Jacques de Compostelle\",\"isPartOf\":{\"@id\":\"https:\\\/\\\/www.amis-de-compostelle.fr\\\/es\\\/#website\"},\"primaryImageOfPage\":{\"@id\":\"https:\\\/\\\/www.amis-de-compostelle.fr\\\/es\\\/evenement\\\/conferencia-fb-live-la-via-arverna-una-nueva-ruta-hacia-compostela-claire-colette\\\/#primaryimage\"},\"image\":{\"@id\":\"https:\\\/\\\/www.amis-de-compostelle.fr\\\/es\\\/evenement\\\/conferencia-fb-live-la-via-arverna-una-nueva-ruta-hacia-compostela-claire-colette\\\/#primaryimage\"},\"thumbnailUrl\":\"https:\\\/\\\/www.amis-de-compostelle.fr\\\/wp-content\\\/uploads\\\/2022\\\/02\\\/Visuel-fb-live-Via-arverna-scaled.jpg\",\"datePublished\":\"2022-02-10T15:29:21+00:00\",\"breadcrumb\":{\"@id\":\"https:\\\/\\\/www.amis-de-compostelle.fr\\\/es\\\/evenement\\\/conferencia-fb-live-la-via-arverna-una-nueva-ruta-hacia-compostela-claire-colette\\\/#breadcrumb\"},\"inLanguage\":\"es\",\"potentialAction\":[{\"@type\":\"ReadAction\",\"target\":[\"https:\\\/\\\/www.amis-de-compostelle.fr\\\/es\\\/evenement\\\/conferencia-fb-live-la-via-arverna-una-nueva-ruta-hacia-compostela-claire-colette\\\/\"]}]},{\"@type\":\"ImageObject\",\"inLanguage\":\"es\",\"@id\":\"https:\\\/\\\/www.amis-de-compostelle.fr\\\/es\\\/evenement\\\/conferencia-fb-live-la-via-arverna-una-nueva-ruta-hacia-compostela-claire-colette\\\/#primaryimage\",\"url\":\"https:\\\/\\\/www.amis-de-compostelle.fr\\\/wp-content\\\/uploads\\\/2022\\\/02\\\/Visuel-fb-live-Via-arverna-scaled.jpg\",\"contentUrl\":\"https:\\\/\\\/www.amis-de-compostelle.fr\\\/wp-content\\\/uploads\\\/2022\\\/02\\\/Visuel-fb-live-Via-arverna-scaled.jpg\",\"width\":2560,\"height\":1341},{\"@type\":\"BreadcrumbList\",\"@id\":\"https:\\\/\\\/www.amis-de-compostelle.fr\\\/es\\\/evenement\\\/conferencia-fb-live-la-via-arverna-una-nueva-ruta-hacia-compostela-claire-colette\\\/#breadcrumb\",\"itemListElement\":[{\"@type\":\"ListItem\",\"position\":1,\"name\":\"Accueil\",\"item\":\"https:\\\/\\\/www.amis-de-compostelle.fr\\\/es\\\/\"},{\"@type\":\"ListItem\",\"position\":2,\"name\":\"Eventos\",\"item\":\"https:\\\/\\\/www.amis-de-compostelle.fr\\\/es\\\/events\\\/\"},{\"@type\":\"ListItem\",\"position\":3,\"name\":\"Conferencia FB Live &#8221; La V\u00eda arverna, una nueva ruta hacia Compostela &#8221; Claire Colette\"}]},{\"@type\":\"WebSite\",\"@id\":\"https:\\\/\\\/www.amis-de-compostelle.fr\\\/es\\\/#website\",\"url\":\"https:\\\/\\\/www.amis-de-compostelle.fr\\\/es\\\/\",\"name\":\"Soci\u00e9t\u00e9 Fran\u00e7aise des Amis de Saint-Jacques de Compostelle\",\"description\":\"La plus ancienne de toutes les associations jacquaires \u2013 depuis 1950\",\"publisher\":{\"@id\":\"https:\\\/\\\/www.amis-de-compostelle.fr\\\/es\\\/#organization\"},\"potentialAction\":[{\"@type\":\"SearchAction\",\"target\":{\"@type\":\"EntryPoint\",\"urlTemplate\":\"https:\\\/\\\/www.amis-de-compostelle.fr\\\/es\\\/?s={search_term_string}\"},\"query-input\":{\"@type\":\"PropertyValueSpecification\",\"valueRequired\":true,\"valueName\":\"search_term_string\"}}],\"inLanguage\":\"es\"},{\"@type\":\"Organization\",\"@id\":\"https:\\\/\\\/www.amis-de-compostelle.fr\\\/es\\\/#organization\",\"name\":\"SOCIETE FRANCAISE DES AMIS DE SAINT-JACQUES DE COMPOSTELLE\",\"url\":\"https:\\\/\\\/www.amis-de-compostelle.fr\\\/es\\\/\",\"logo\":{\"@type\":\"ImageObject\",\"inLanguage\":\"es\",\"@id\":\"https:\\\/\\\/www.amis-de-compostelle.fr\\\/es\\\/#\\\/schema\\\/logo\\\/image\\\/\",\"url\":\"https:\\\/\\\/www.amis-de-compostelle.fr\\\/wp-content\\\/uploads\\\/2021\\\/02\\\/cropped-SFASJ-logo.png\",\"contentUrl\":\"https:\\\/\\\/www.amis-de-compostelle.fr\\\/wp-content\\\/uploads\\\/2021\\\/02\\\/cropped-SFASJ-logo.png\",\"width\":512,\"height\":512,\"caption\":\"SOCIETE FRANCAISE DES AMIS DE SAINT-JACQUES DE COMPOSTELLE\"},\"image\":{\"@id\":\"https:\\\/\\\/www.amis-de-compostelle.fr\\\/es\\\/#\\\/schema\\\/logo\\\/image\\\/\"}}]}<\/script>\n<!-- \/ Yoast SEO plugin. -->","yoast_head_json":{"title":"Conferencia FB Live \" La V\u00eda arverna, una nueva ruta hacia Compostela \" Claire Colette &#060; Soci\u00e9t\u00e9 Fran\u00e7aise des Amis de Saint-Jacques de Compostelle","robots":{"index":"index","follow":"follow","max-snippet":"max-snippet:-1","max-image-preview":"max-image-preview:large","max-video-preview":"max-video-preview:-1"},"canonical":"https:\/\/www.amis-de-compostelle.fr\/es\/evenement\/conferencia-fb-live-la-via-arverna-una-nueva-ruta-hacia-compostela-claire-colette\/","og_locale":"es_ES","og_type":"article","og_title":"Conferencia FB Live \" La V\u00eda arverna, una nueva ruta hacia Compostela \" Claire Colette &#060; Soci\u00e9t\u00e9 Fran\u00e7aise des Amis de Saint-Jacques de Compostelle","og_description":"\u00abLa V\u00eda Arverna, una nueva ruta hacia Compostela En el marco del ciclo \u00abDes chemins et des hommes\u00bb, videoconferencia con Claire Colette el viernes 4 de marzo de 19.30 a [&hellip;]","og_url":"https:\/\/www.amis-de-compostelle.fr\/es\/evenement\/conferencia-fb-live-la-via-arverna-una-nueva-ruta-hacia-compostela-claire-colette\/","og_site_name":"Soci\u00e9t\u00e9 Fran\u00e7aise des Amis de Saint-Jacques de Compostelle","twitter_card":"summary_large_image","twitter_misc":{"Tiempo de lectura":"1 minuto"},"schema":{"@context":"https:\/\/schema.org","@graph":[{"@type":"WebPage","@id":"https:\/\/www.amis-de-compostelle.fr\/es\/evenement\/conferencia-fb-live-la-via-arverna-una-nueva-ruta-hacia-compostela-claire-colette\/","url":"https:\/\/www.amis-de-compostelle.fr\/es\/evenement\/conferencia-fb-live-la-via-arverna-una-nueva-ruta-hacia-compostela-claire-colette\/","name":"Conferencia FB Live \" La V\u00eda arverna, una nueva ruta hacia Compostela \" Claire Colette &#060; Soci\u00e9t\u00e9 Fran\u00e7aise des Amis de Saint-Jacques de Compostelle","isPartOf":{"@id":"https:\/\/www.amis-de-compostelle.fr\/es\/#website"},"primaryImageOfPage":{"@id":"https:\/\/www.amis-de-compostelle.fr\/es\/evenement\/conferencia-fb-live-la-via-arverna-una-nueva-ruta-hacia-compostela-claire-colette\/#primaryimage"},"image":{"@id":"https:\/\/www.amis-de-compostelle.fr\/es\/evenement\/conferencia-fb-live-la-via-arverna-una-nueva-ruta-hacia-compostela-claire-colette\/#primaryimage"},"thumbnailUrl":"https:\/\/www.amis-de-compostelle.fr\/wp-content\/uploads\/2022\/02\/Visuel-fb-live-Via-arverna-scaled.jpg","datePublished":"2022-02-10T15:29:21+00:00","breadcrumb":{"@id":"https:\/\/www.amis-de-compostelle.fr\/es\/evenement\/conferencia-fb-live-la-via-arverna-una-nueva-ruta-hacia-compostela-claire-colette\/#breadcrumb"},"inLanguage":"es","potentialAction":[{"@type":"ReadAction","target":["https:\/\/www.amis-de-compostelle.fr\/es\/evenement\/conferencia-fb-live-la-via-arverna-una-nueva-ruta-hacia-compostela-claire-colette\/"]}]},{"@type":"ImageObject","inLanguage":"es","@id":"https:\/\/www.amis-de-compostelle.fr\/es\/evenement\/conferencia-fb-live-la-via-arverna-una-nueva-ruta-hacia-compostela-claire-colette\/#primaryimage","url":"https:\/\/www.amis-de-compostelle.fr\/wp-content\/uploads\/2022\/02\/Visuel-fb-live-Via-arverna-scaled.jpg","contentUrl":"https:\/\/www.amis-de-compostelle.fr\/wp-content\/uploads\/2022\/02\/Visuel-fb-live-Via-arverna-scaled.jpg","width":2560,"height":1341},{"@type":"BreadcrumbList","@id":"https:\/\/www.amis-de-compostelle.fr\/es\/evenement\/conferencia-fb-live-la-via-arverna-una-nueva-ruta-hacia-compostela-claire-colette\/#breadcrumb","itemListElement":[{"@type":"ListItem","position":1,"name":"Accueil","item":"https:\/\/www.amis-de-compostelle.fr\/es\/"},{"@type":"ListItem","position":2,"name":"Eventos","item":"https:\/\/www.amis-de-compostelle.fr\/es\/events\/"},{"@type":"ListItem","position":3,"name":"Conferencia FB Live &#8221; La V\u00eda arverna, una nueva ruta hacia Compostela &#8221; Claire Colette"}]},{"@type":"WebSite","@id":"https:\/\/www.amis-de-compostelle.fr\/es\/#website","url":"https:\/\/www.amis-de-compostelle.fr\/es\/","name":"Soci\u00e9t\u00e9 Fran\u00e7aise des Amis de Saint-Jacques de Compostelle","description":"La plus ancienne de toutes les associations jacquaires \u2013 depuis 1950","publisher":{"@id":"https:\/\/www.amis-de-compostelle.fr\/es\/#organization"},"potentialAction":[{"@type":"SearchAction","target":{"@type":"EntryPoint","urlTemplate":"https:\/\/www.amis-de-compostelle.fr\/es\/?s={search_term_string}"},"query-input":{"@type":"PropertyValueSpecification","valueRequired":true,"valueName":"search_term_string"}}],"inLanguage":"es"},{"@type":"Organization","@id":"https:\/\/www.amis-de-compostelle.fr\/es\/#organization","name":"SOCIETE FRANCAISE DES AMIS DE SAINT-JACQUES DE COMPOSTELLE","url":"https:\/\/www.amis-de-compostelle.fr\/es\/","logo":{"@type":"ImageObject","inLanguage":"es","@id":"https:\/\/www.amis-de-compostelle.fr\/es\/#\/schema\/logo\/image\/","url":"https:\/\/www.amis-de-compostelle.fr\/wp-content\/uploads\/2021\/02\/cropped-SFASJ-logo.png","contentUrl":"https:\/\/www.amis-de-compostelle.fr\/wp-content\/uploads\/2021\/02\/cropped-SFASJ-logo.png","width":512,"height":512,"caption":"SOCIETE FRANCAISE DES AMIS DE SAINT-JACQUES DE COMPOSTELLE"},"image":{"@id":"https:\/\/www.amis-de-compostelle.fr\/es\/#\/schema\/logo\/image\/"}}]}},"_links":{"self":[{"href":"https:\/\/www.amis-de-compostelle.fr\/es\/wp-json\/wp\/v2\/tribe_events\/9362","targetHints":{"allow":["GET"]}}],"collection":[{"href":"https:\/\/www.amis-de-compostelle.fr\/es\/wp-json\/wp\/v2\/tribe_events"}],"about":[{"href":"https:\/\/www.amis-de-compostelle.fr\/es\/wp-json\/wp\/v2\/types\/tribe_events"}],"author":[{"embeddable":true,"href":"https:\/\/www.amis-de-compostelle.fr\/es\/wp-json\/wp\/v2\/users\/4"}],"version-history":[{"count":0,"href":"https:\/\/www.amis-de-compostelle.fr\/es\/wp-json\/wp\/v2\/tribe_events\/9362\/revisions"}],"wp:featuredmedia":[{"embeddable":true,"href":"https:\/\/www.amis-de-compostelle.fr\/es\/wp-json\/wp\/v2\/media\/6387"}],"wp:attachment":[{"href":"https:\/\/www.amis-de-compostelle.fr\/es\/wp-json\/wp\/v2\/media?parent=9362"}],"wp:term":[{"taxonomy":"post_tag","embeddable":true,"href":"https:\/\/www.amis-de-compostelle.fr\/es\/wp-json\/wp\/v2\/tags?post=9362"},{"taxonomy":"tribe_events_cat","embeddable":true,"href":"https:\/\/www.amis-de-compostelle.fr\/es\/wp-json\/wp\/v2\/tribe_events_cat?post=9362"}],"curies":[{"name":"wp","href":"https:\/\/api.w.org\/{rel}","templated":true}]}}